{"id":1199,"date":"2022-05-07T14:03:21","date_gmt":"2022-05-07T11:03:21","guid":{"rendered":"https:\/\/www.peegeldaja.ee\/?post_type=audioraamat&amp;p=1199"},"modified":"2022-05-07T14:03:21","modified_gmt":"2022-05-07T11:03:21","slug":"freya-lugu","status":"publish","type":"audioraamat","link":"https:\/\/peegeldaja.ee\/en\/audioraamat\/freya-lugu\/","title":{"rendered":"Freya lugu"},"content":{"rendered":"<p>Ongi k\u00e4es aasta viimane p\u00e4ev kell 19.00. T\u00e4pselt sellel minutil avasin ma ruumide uksed ja s\u00fc\u00fctasin tuled. V\u00f5tsin jalan\u00f5ud ja \u00fcleriided seljast ning suundusin k\u00f5igepealt saali. Minu Saal, minu s\u00f5ber. Minu maagia lava.Nuusutasin seda ambienti, puudutasin k\u00e4tega tema \u00f5hku. Siin oli veel eelmisi energiaid, seep\u00e4rast avasin aknad laialt. Mina. <\/p>\n\n\n\n<p>Ruum hakkaski t\u00e4ituma tulijatega. Saal v\u00f5ttis nad vastu. Saal ei olnud enam \u00fcksi ja ka mitte minu p\u00e4ralt, vaid selle \u00f5htu tantsijate p\u00e4ralt.<\/p>","protected":false},"featured_media":0,"template":"","class_list":["post-1199","audioraamat","type-audioraamat","status-publish","hentry"],"_links":{"self":[{"href":"https:\/\/peegeldaja.ee\/en\/wp-json\/wp\/v2\/audioraamat\/1199","targetHints":{"allow":["GET"]}}],"collection":[{"href":"https:\/\/peegeldaja.ee\/en\/wp-json\/wp\/v2\/audioraamat"}],"about":[{"href":"https:\/\/peegeldaja.ee\/en\/wp-json\/wp\/v2\/types\/audioraamat"}],"version-history":[{"count":0,"href":"https:\/\/peegeldaja.ee\/en\/wp-json\/wp\/v2\/audioraamat\/1199\/revisions"}],"wp:attachment":[{"href":"https:\/\/peegeldaja.ee\/en\/wp-json\/wp\/v2\/media?parent=1199"}],"curies":[{"name":"wp","href":"https:\/\/api.w.org\/{rel}","templated":true}]}}