{"id":840,"date":"2022-03-20T10:22:00","date_gmt":"2022-03-20T08:22:00","guid":{"rendered":"https:\/\/peegeldaja.ee\/?post_type=audioraamat&amp;p=840"},"modified":"2022-03-20T10:22:00","modified_gmt":"2022-03-20T08:22:00","slug":"20-03-2022","status":"publish","type":"audioraamat","link":"https:\/\/peegeldaja.ee\/en\/audioraamat\/20-03-2022\/","title":{"rendered":"Freya lugu"},"content":{"rendered":"<p>Ma olen Inimestemaal peaaegu pool aastat elanud ja oma tavap\u00e4rased maagiv\u00f5imed kaotanud. Ma olen muutunud Inimeseks.<\/p>\n\n\n\n<p>Mismoodi ma oma v\u00f5lukunsti siin uuesti \u00fcles leian? Leidmine on olnud nii \u00f5nnestav, nii huvitav ja vaimustav! Ma ei tuleta meelde mis enne oli, vaid inimeses ongi V\u00e4gi.<\/p>\n\n\n\n<p>\u00dcha enam m\u00f5tlen ma oma emale. Ma ei ole kunagi teinud vahet tema ja Maagide vahel. Vastupidi, ema oli v\u00e4ga v\u00f5imekas Inimene. Nii et tema eeskuju v\u00e4ljendub siin iga p\u00e4ev veidikene.<\/p>","protected":false},"featured_media":841,"template":"","class_list":["post-840","audioraamat","type-audioraamat","status-publish","has-post-thumbnail","hentry"],"_links":{"self":[{"href":"https:\/\/peegeldaja.ee\/en\/wp-json\/wp\/v2\/audioraamat\/840","targetHints":{"allow":["GET"]}}],"collection":[{"href":"https:\/\/peegeldaja.ee\/en\/wp-json\/wp\/v2\/audioraamat"}],"about":[{"href":"https:\/\/peegeldaja.ee\/en\/wp-json\/wp\/v2\/types\/audioraamat"}],"version-history":[{"count":0,"href":"https:\/\/peegeldaja.ee\/en\/wp-json\/wp\/v2\/audioraamat\/840\/revisions"}],"wp:featuredmedia":[{"embeddable":true,"href":"https:\/\/peegeldaja.ee\/en\/wp-json\/wp\/v2\/media\/841"}],"wp:attachment":[{"href":"https:\/\/peegeldaja.ee\/en\/wp-json\/wp\/v2\/media?parent=840"}],"curies":[{"name":"wp","href":"https:\/\/api.w.org\/{rel}","templated":true}]}}